{"id":230,"date":"2019-06-14T23:47:40","date_gmt":"2019-06-14T21:47:40","guid":{"rendered":"https:\/\/www.educaciondeadultosprocesosformativos.cl\/revista\/?page_id=230"},"modified":"2025-04-09T14:30:12","modified_gmt":"2025-04-09T18:30:12","slug":"envios","status":"publish","type":"page","link":"https:\/\/www.educaciondeadultosprocesosformativos.cl\/revista\/envios\/","title":{"rendered":"Env\u00edos"},"content":{"rendered":"[et_pb_section fb_built=&#8221;1&#8243; admin_label=&#8221;About&#8221; _builder_version=&#8221;4.0.11&#8243; custom_padding=&#8221;||0px|||&#8221; collapsed=&#8221;off&#8221;][et_pb_row _builder_version=&#8221;4.0.11&#8243; custom_margin=&#8221;||||true|true&#8221; custom_padding=&#8221;0px||||false|false&#8221; border_radii=&#8221;on|5px|5px|5px|5px&#8221; border_color_all=&#8221;rgba(0,0,0,0)&#8221; box_shadow_style=&#8221;preset3&#8243;][et_pb_column type=&#8221;4_4&#8243; _builder_version=&#8221;4.0.11&#8243;][et_pb_text _builder_version=&#8221;4.0.11&#8243; text_line_height=&#8221;1.5em&#8221; border_width_all=&#8221;9px&#8221; border_color_all=&#8221;rgba(0,0,0,0)&#8221;]\n<h3><strong>Aviso de cambio en la periodicidad de\u00a0 publicaci\u00f3n de la Revista de Educaci\u00f3n de Adultos y Procesos Formativos:<\/strong><\/h3>\n<p><strong>Estimados lectores y autores:<\/strong><\/p>\n<p>Nos complace anunciar un cambio en la periodicidad de publicaci\u00f3n de la <em>Revista Educaci\u00f3n de Adultos y Procesos Formativos<\/em>. A partir del a\u00f1o 2023, la revista <strong>mantendr\u00e1 la convocatoria a recepci\u00f3n de art\u00edculos de manera permanentemente abierta<\/strong>.<\/p>\n<p><strong>\u00bfQu\u00e9 significa este cambio?<\/strong><\/p>\n<ul>\n<li><strong>Recepci\u00f3n de art\u00edculos permanente:<\/strong>\u00a0Los autores podr\u00e1n enviar sus art\u00edculos en cualquier momento del a\u00f1o. No habr\u00e1 fechas l\u00edmite espec\u00edficas para la recepci\u00f3n de art\u00edculos.<\/li>\n<li><strong>Publicaci\u00f3n inmediata de art\u00edculos aprobados:<\/strong>\u00a0Los art\u00edculos que sean aprobados para publicaci\u00f3n se publicar\u00e1n\u00a0<strong>inmediatamente<\/strong>\u00a0en la secci\u00f3n &#8220;Ediciones&#8221; de la p\u00e1gina web de la revista. Posteriormente, se agrupar\u00e1n en n\u00fameros regulares, seg\u00fan el orden de publicaci\u00f3n.<\/li>\n<li><strong>Mayor visibilidad y rapidez:<\/strong>\u00a0Este cambio permitir\u00e1 una mayor visibilidad a los trabajos de investigaci\u00f3n y reflexi\u00f3n en el campo de la educaci\u00f3n de adultos, al reducir el tiempo entre la recepci\u00f3n del art\u00edculo y su publicaci\u00f3n.<\/li>\n<\/ul>\n<p><strong>\u00bfC\u00f3mo puedo enviar mi art\u00edculo?<\/strong><\/p>\n<p>Los autores pueden enviar sus art\u00edculos a trav\u00e9s del correo de la revista: <a href=\"revistaeducaciondeadultos@upla.cl\">revistaeducaciondeadultos@upla.cl<\/a><\/p>\n<p><strong style=\"font-size: 13px;\">Normas de publicaci\u00f3n:<\/strong><span style=\"font-size: 13px;\">\u00a0Consulte las normas de publicaci\u00f3n de la revista:\u00a0<\/span><span style=\"font-size: 13px;\"><a href=\"https:\/\/www.educaciondeadultosprocesosformativos.cl\/revista\/etica-de-publicacion\/\">\u00c9tica de publicaci\u00f3n | Revista Educaci\u00f3n de Adultos y Procesos Formativos (educaciondeadultosprocesosformativos.cl)<\/a><\/span><\/p>\n<ul>\n<li><strong>Secci\u00f3n &#8220;Ediciones&#8221;:<\/strong>\u00a0Visite la secci\u00f3n &#8220;Ediciones&#8221; de la p\u00e1gina web de la revista para ver los art\u00edculos publicados recientemente:\u00a0<a href=\"https:\/\/www.educaciondeadultosprocesosformativos.cl\/revista\/\">Revista Educaci\u00f3n de Adultos y Procesos Formativos (educaciondeadultosprocesosformativos.cl)<\/a><\/li>\n<li><strong>Contacto:<\/strong>\u00a0Si tiene alguna duda o necesita ayuda con el proceso de env\u00edo de su art\u00edculo, puede ponerse en contacto con el equipo editorial a trav\u00e9s del correo electr\u00f3nico:<u> <a href=\"mailto:revistaeducaciondeadultos@upla.cl\">revistaeducaciondeadultos@upla.cl<\/a><\/u> .<\/li>\n<\/ul>\n<p><strong>El equipo editorial est\u00e1 comprometido a trabajar para que este cambio sea un \u00e9xito y para que la <em>Revista Educaci\u00f3n de Adultos y Procesos Formativos<\/em> siga siendo un espacio de referencia para la investigaci\u00f3n y la reflexi\u00f3n en el campo de la educaci\u00f3n de personas j\u00f3venes y adultas y de la educaci\u00f3n a lo largo de la vida. Agradecemos su inter\u00e9s y e<\/strong><strong style=\"font-size: 13px;\">speramos seguir contando con su colaboraci\u00f3n y apoyo.<\/strong><span style=\"font-size: 13px;\">\u00a0<\/span><\/p>\n<p><strong>El equipo editorial<\/strong><\/p>\n<h3><strong>Declaraci\u00f3n de conflictos<\/strong><\/h3>\n<p>El Comit\u00e9 Editorial solicita a los\/as autores\/as enviar una declaraci\u00f3n de conflicto de intereses, mediante una carta, en caso de que este existiese.<\/p>\n<p>En caso de que un art\u00edculo sea aprobado por uno de los \u00e1rbitros y rechazado por otro se recurrir\u00e1 a un tercer \u00e1rbitro que decida la publicaci\u00f3n del texto.<\/p>\n<p>&nbsp;<\/p>\n[\/et_pb_text][\/et_pb_column][\/et_pb_row][et_pb_row _builder_version=&#8221;4.0.11&#8243;][et_pb_column type=&#8221;4_4&#8243; _builder_version=&#8221;4.0.11&#8243;][et_pb_text _builder_version=&#8221;4.0.11&#8243; text_line_height=&#8221;1.5em&#8221; custom_padding=&#8221;||0px|||&#8221; inline_fonts=&#8221;Arial&#8221;]\n<p style=\"text-align: left;\"><span style=\"font-size: medium;\"><strong><span style=\"font-family: Arial;\">Pol\u00edticas de acceso abierto<\/span><\/strong><\/span><\/p>\n<p style=\"text-align: justify;\"><span style=\"font-family: Arial; font-weight: normal; font-size: medium;\">La<strong> Revista<\/strong> proporciona acceso inmediato y gratuito a todos los contenidos de esta edici\u00f3n electr\u00f3nica. Para m\u00e1s informaci\u00f3n sobre esta condici\u00f3n, visite CreativeCommons.cl.<\/span><\/p>\n<p><a href=\"http:\/\/creativecommons.org\/licenses\/by-nc-sa\/4.0\/\" rel=\"license\"><img decoding=\"async\" style=\"border-width: 0;\" src=\"https:\/\/i.creativecommons.org\/l\/by-nc-sa\/4.0\/88x31.png\" alt=\"Licencia Creative Commons\" \/><\/a><br \/>Esta obra est\u00e1 bajo una <a href=\"http:\/\/creativecommons.org\/licenses\/by-nc-sa\/4.0\/\" rel=\"license\">Licencia Creative Commons Atribuci\u00f3n-NoComercial-CompartirIgual 4.0 Internacional<\/a>.<\/p>\n<p style=\"text-align: left;\"><span style=\"font-size: medium;\"><strong><span style=\"font-family: Arial;\">Env\u00edos<\/span><\/strong><\/span><\/p>\n<p style=\"text-align: justify;\"><span style=\"font-family: Arial; font-weight: normal; font-size: medium;\">La <strong>Revista de Educaci\u00f3n de Adultos y Procesos Formativos<\/strong> publica en formato electr\u00f3nico art\u00edculos originales, art\u00edculos de revisi\u00f3n, estudios, proyectos de investigaci\u00f3n, informes t\u00e9cnicos, rese\u00f1as de libros o comentarios de art\u00edculos publicados por la revista, informes t\u00e9cnicos, comunicaciones en congresos, comunicaciones cortas, cartas al editor, estados del arte, propuestas, experiencias y reflexiones relacionadas con los temas propios a la <span style=\"font-weight: 400;\">educaci\u00f3n de personas j\u00f3venes y adultas (EPJA)<\/span>, entre otros tipos de documento. En todos los casos deber\u00e1 primar el contenido cient\u00edfico. S\u00f3lo se aceptan trabajos in\u00e9ditos.<\/span><\/p>\n[\/et_pb_text][\/et_pb_column][\/et_pb_row][et_pb_row column_structure=&#8221;1_2,1_2&#8243; _builder_version=&#8221;4.0.11&#8243;][et_pb_column type=&#8221;1_2&#8243; _builder_version=&#8221;4.0.11&#8243;][et_pb_text _builder_version=&#8221;4.0.11&#8243; inline_fonts=&#8221;Arial&#8221;]\n<h2><span style=\"font-size: medium;\"><strong><span style=\"font-family: Arial;\">Formato general de publicaci\u00f3n<\/span><\/strong><\/span><\/h2>\n<ul>\n<li><strong>Formato archivo<\/strong>: Word<span style=\"font-family: Arial; font-weight: normal; font-size: small;\"><strong><\/strong><\/span><\/li>\n<li><span style=\"font-family: Arial; font-weight: normal; font-size: small;\"><strong>Tama\u00f1o:<\/strong> Carta.<\/span><\/li>\n<li><span style=\"font-family: Arial; font-weight: normal; font-size: small;\"><strong>Letra:<\/strong> Times New Roman, 12.<\/span><\/li>\n<li><span style=\"font-family: Arial; font-weight: normal; font-size: small;\"><strong>Espaciado:<\/strong> 1,5.<\/span><\/li>\n<li><span style=\"font-family: Arial; font-weight: normal; font-size: small;\"><strong>Margen:<\/strong> 3 cm.<\/span><\/li>\n<li><span style=\"font-family: Arial; font-weight: normal; font-size: small;\"><strong>Extensi\u00f3n del texto:<\/strong> No mayor a 25 p\u00e1ginas.<\/span><\/li>\n<li><span style=\"font-family: Arial; font-weight: normal; font-size: small;\"><strong>Estructura de contenidos:<\/strong> <\/span>\n<ul>\n<li><span style=\"font-family: Arial; font-weight: normal; font-size: small;\">T\u00edtulo original.<\/span><\/li>\n<li><span style=\"font-family: Arial; font-weight: normal; font-size: small;\">T\u00edtulo en espa\u00f1ol (en caso de que el t\u00edtulo sea en otro idioma).<\/span><\/li>\n<li><span style=\"font-family: Arial; font-weight: normal; font-size: small;\">Resumen: Debe contar con cuatro puntos: alcance y prop\u00f3sito, m\u00e9todos empleados, resultados obtenidos, conclusiones o interpretaci\u00f3n de resultados.<\/span><\/li>\n<li><span style=\"font-family: Arial; font-weight: normal; font-size: small;\">Palabras Clave (m\u00e1ximo cinco t\u00e9rminos, internacionalmente aceptados en el campo de la educaci\u00f3n, Tesauro de Eric)<\/span><\/li>\n<li><span style=\"font-family: Arial; font-weight: normal; font-size: small;\">T\u00edtulo en ingl\u00e9s (en caso de que el t\u00edtulo original no sea en ingl\u00e9s).<\/span><\/li>\n<li><span style=\"font-family: Arial; font-weight: normal; font-size: small;\">Keywords.<\/span><\/li>\n<li><span style=\"font-family: Arial; font-weight: normal; font-size: small;\">Cuerpo de la investigaci\u00f3n: Introducci\u00f3n, metodolog\u00eda, resultados, discusi\u00f3n de resultados<\/span><\/li>\n<li><span style=\"font-family: Arial; font-weight: normal; font-size: small;\">Referencias y citas bibliogr\u00e1ficas seg\u00fan formato APA 7\u00b0 Edici\u00f3n. <\/span><\/li>\n<li><span style=\"font-family: Arial; font-weight: normal; font-size: small;\">Las notas de contenido o comentario deben ubicarse al pie de p\u00e1gina y estar numeradas correlativamente. No deben incluirse en el pie de p\u00e1gina las referencias de las citas incluidas en el cuerpo del art\u00edculo.<\/span><\/li>\n<li>Tablas<span style=\"font-family: Arial; font-weight: normal; font-size: small;\"><\/span><\/li>\n<li>Figuras<\/li>\n<\/ul>\n<\/li>\n<\/ul>\n[\/et_pb_text][\/et_pb_column][et_pb_column type=&#8221;1_2&#8243; _builder_version=&#8221;4.0.11&#8243;][et_pb_text _builder_version=&#8221;4.0.11&#8243; inline_fonts=&#8221;Arial&#8221;]\n<ul>\n<li><strong>Identificaci\u00f3n del autor:<\/strong>\n<ul>\n<li><span style=\"font-family: Arial; font-weight: normal; font-size: small;\">Nombre completo del(os) autor(es)<\/span><\/li>\n<li><span style=\"font-family: Arial; font-weight: normal; font-size: small;\">Grado(s) acad\u00e9mico(s)<\/span><\/li>\n<li><span style=\"font-family: Arial; font-weight: normal; font-size: small;\">Afiliaci\u00f3n institucional.<\/span><\/li>\n<li><span style=\"font-family: Arial; font-weight: normal; font-size: small;\">Cargo que desempe\u00f1a.<\/span><\/li>\n<li><span style=\"font-family: Arial; font-weight: normal; font-size: small;\">Correo electr\u00f3nico del(os) autor(es)<\/span><\/li>\n<li><span style=\"font-family: Arial; font-weight: normal; font-size: small;\">Tel\u00e9fono(s)<\/span><\/li>\n<li><span style=\"font-family: Arial; font-weight: normal; font-size: small;\">Menci\u00f3n de las becas, ayudas o soporte financiero con el que se ha contado para la subvenci\u00f3n del trabajo.<\/span><\/li>\n<li><span style=\"font-family: Arial; font-weight: normal; font-size: small;\">Carta de cesi\u00f3n de derechos de autor.<\/span><\/li>\n<\/ul>\n<\/li>\n<li><span style=\"font-family: Arial; font-weight: normal; font-size: small;\"><strong>Formato de edici\u00f3n: <\/strong>Normas APA 7\u00b0 Edici\u00f3n.<\/span><\/li>\n<\/ul>\n<p><a href=\"https:\/\/www.educaciondeadultosprocesosformativos.cl\/revista\/wp-content\/uploads\/2019\/06\/2019_0109_educaciondeadultos_revista_cartacesion.doc\"><img loading=\"lazy\" decoding=\"async\" class=\"alignnone wp-image-1217 size-full\" src=\"https:\/\/www.educaciondeadultosprocesosformativos.cl\/revista\/wp-content\/uploads\/2022\/08\/Descarga-DOC_1.jpg\" alt=\"Carta de cesi\u00f3n de derechos\" width=\"200\" height=\"82\" \/><\/a><\/p>\n[\/et_pb_text][\/et_pb_column][\/et_pb_row][\/et_pb_section][et_pb_section fb_built=&#8221;1&#8243; custom_padding_last_edited=&#8221;on|phone&#8221; admin_label=&#8221;Footer&#8221; _builder_version=&#8221;4.0.11&#8243; background_color=&#8221;#003f42&#8243; background_color_gradient_direction=&#8221;240deg&#8221; background_size=&#8221;contain&#8221; background_position=&#8221;top_center&#8221; background_blend=&#8221;hue&#8221; custom_margin=&#8221;||&#8221; custom_padding=&#8221;2vw||0vw||false|&#8221; custom_padding_tablet=&#8221;36vw||&#8221; custom_padding_phone=&#8221;46vw||4vw||false|&#8221; global_module=&#8221;224&#8243; saved_tabs=&#8221;all&#8221; locked=&#8221;off&#8221;][et_pb_row column_structure=&#8221;1_2,1_2&#8243; _builder_version=&#8221;4.0.11&#8243; max_width=&#8221;80%&#8221;][et_pb_column type=&#8221;1_2&#8243; _builder_version=&#8221;3.25&#8243; custom_padding=&#8221;|||&#8221; custom_padding__hover=&#8221;|||&#8221;][et_pb_text _builder_version=&#8221;4.0.11&#8243; text_font=&#8221;||||||||&#8221; text_font_size=&#8221;15px&#8221; text_line_height=&#8221;1.5em&#8221; header_font=&#8221;||||||||&#8221; header_font_size=&#8221;15px&#8221; header_2_font=&#8221;Montserrat|800||on|||||&#8221; header_2_font_size=&#8221;3vw&#8221; header_2_line_height=&#8221;1.2em&#8221; header_3_font=&#8221;Montserrat|700|||||||&#8221; header_3_font_size=&#8221;16px&#8221; header_3_line_height=&#8221;1.4em&#8221; background_layout=&#8221;dark&#8221; module_alignment=&#8221;right&#8221; text_font_size_tablet=&#8221;16px&#8221; text_font_size_phone=&#8221;14px&#8221; text_font_size_last_edited=&#8221;on|phone&#8221; text_line_height_tablet=&#8221;1.8em&#8221; text_line_height_phone=&#8221;1.7em&#8221; text_line_height_last_edited=&#8221;off|phone&#8221; header_2_font_size_tablet=&#8221;&#8221; header_2_font_size_phone=&#8221;8vw&#8221; header_2_font_size_last_edited=&#8221;on|phone&#8221;]\n<p><span style=\"font-size: 18pt;\"><strong>Contacto<\/strong><\/span><\/p>\n<p>Haznos saber tus dudas, comentarios, experiencias. Nuestro trabajo se sustenta principalmente en las redes, por lo que estamos atentos a recibir tus comentarios.<\/p>\n[\/et_pb_text][et_pb_contact_form email=&#8221;gabriel.ramos@upla.cl&#8221; success_message=&#8221;Gracias por comunicarte con nosotros. Trataremos de contactarte a la brevedad posible.&#8221; admin_label=&#8221;Formulario de contacto&#8221; _builder_version=&#8221;4.0.11&#8243; form_field_text_color=&#8221;#555555&#8243; captcha_font=&#8221;|600|||||||&#8221; captcha_text_color=&#8221;#ffffff&#8221; form_field_font=&#8221;||||||||&#8221; custom_button=&#8221;on&#8221; button_text_color=&#8221;#ffffff&#8221; button_font=&#8221;||||||||&#8221;][et_pb_contact_field field_id=&#8221;Nombre&#8221; field_title=&#8221;Nombre&#8221; _builder_version=&#8221;3.24&#8243; button_text_size__hover_enabled=&#8221;off&#8221; button_one_text_size__hover_enabled=&#8221;off&#8221; button_two_text_size__hover_enabled=&#8221;off&#8221; button_text_color__hover_enabled=&#8221;off&#8221; button_one_text_color__hover_enabled=&#8221;off&#8221; button_two_text_color__hover_enabled=&#8221;off&#8221; button_border_width__hover_enabled=&#8221;off&#8221; button_one_border_width__hover_enabled=&#8221;off&#8221; button_two_border_width__hover_enabled=&#8221;off&#8221; button_border_color__hover_enabled=&#8221;off&#8221; button_one_border_color__hover_enabled=&#8221;off&#8221; button_two_border_color__hover_enabled=&#8221;off&#8221; button_border_radius__hover_enabled=&#8221;off&#8221; button_one_border_radius__hover_enabled=&#8221;off&#8221; button_two_border_radius__hover_enabled=&#8221;off&#8221; button_letter_spacing__hover_enabled=&#8221;off&#8221; button_one_letter_spacing__hover_enabled=&#8221;off&#8221; button_two_letter_spacing__hover_enabled=&#8221;off&#8221; button_bg_color__hover_enabled=&#8221;off&#8221; button_one_bg_color__hover_enabled=&#8221;off&#8221; button_two_bg_color__hover_enabled=&#8221;off&#8221;][\/et_pb_contact_field][et_pb_contact_field field_id=&#8221;Correo_electr\u00f3nico&#8221; field_title=&#8221;Direcci\u00f3n de correo electr\u00f3nico&#8221; field_type=&#8221;email&#8221; _builder_version=&#8221;4.0.11&#8243; button_text_size__hover_enabled=&#8221;off&#8221; button_one_text_size__hover_enabled=&#8221;off&#8221; button_two_text_size__hover_enabled=&#8221;off&#8221; button_text_color__hover_enabled=&#8221;off&#8221; button_one_text_color__hover_enabled=&#8221;off&#8221; button_two_text_color__hover_enabled=&#8221;off&#8221; button_border_width__hover_enabled=&#8221;off&#8221; button_one_border_width__hover_enabled=&#8221;off&#8221; button_two_border_width__hover_enabled=&#8221;off&#8221; button_border_color__hover_enabled=&#8221;off&#8221; button_one_border_color__hover_enabled=&#8221;off&#8221; button_two_border_color__hover_enabled=&#8221;off&#8221; button_border_radius__hover_enabled=&#8221;off&#8221; button_one_border_radius__hover_enabled=&#8221;off&#8221; button_two_border_radius__hover_enabled=&#8221;off&#8221; button_letter_spacing__hover_enabled=&#8221;off&#8221; button_one_letter_spacing__hover_enabled=&#8221;off&#8221; button_two_letter_spacing__hover_enabled=&#8221;off&#8221; button_bg_color__hover_enabled=&#8221;off&#8221; button_one_bg_color__hover_enabled=&#8221;off&#8221; button_two_bg_color__hover_enabled=&#8221;off&#8221;][\/et_pb_contact_field][et_pb_contact_field field_id=&#8221;Tel\u00e9fono_de_contacto&#8221; field_title=&#8221;Tel\u00e9fono&#8221; allowed_symbols=&#8221;numbers&#8221; required_mark=&#8221;off&#8221; fullwidth_field=&#8221;on&#8221; _builder_version=&#8221;3.24&#8243;][\/et_pb_contact_field][et_pb_contact_field field_id=&#8221;Message&#8221; field_title=&#8221;Mensaje&#8221; field_type=&#8221;text&#8221; fullwidth_field=&#8221;on&#8221; _builder_version=&#8221;3.16&#8243; button_text_size__hover_enabled=&#8221;off&#8221; button_one_text_size__hover_enabled=&#8221;off&#8221; button_two_text_size__hover_enabled=&#8221;off&#8221; button_text_color__hover_enabled=&#8221;off&#8221; button_one_text_color__hover_enabled=&#8221;off&#8221; button_two_text_color__hover_enabled=&#8221;off&#8221; button_border_width__hover_enabled=&#8221;off&#8221; button_one_border_width__hover_enabled=&#8221;off&#8221; button_two_border_width__hover_enabled=&#8221;off&#8221; button_border_color__hover_enabled=&#8221;off&#8221; button_one_border_color__hover_enabled=&#8221;off&#8221; button_two_border_color__hover_enabled=&#8221;off&#8221; button_border_radius__hover_enabled=&#8221;off&#8221; button_one_border_radius__hover_enabled=&#8221;off&#8221; button_two_border_radius__hover_enabled=&#8221;off&#8221; button_letter_spacing__hover_enabled=&#8221;off&#8221; button_one_letter_spacing__hover_enabled=&#8221;off&#8221; button_two_letter_spacing__hover_enabled=&#8221;off&#8221; button_bg_color__hover_enabled=&#8221;off&#8221; button_one_bg_color__hover_enabled=&#8221;off&#8221; button_two_bg_color__hover_enabled=&#8221;off&#8221;][\/et_pb_contact_field][\/et_pb_contact_form][\/et_pb_column][et_pb_column type=&#8221;1_2&#8243; _builder_version=&#8221;3.25&#8243; custom_padding=&#8221;|||&#8221; custom_padding__hover=&#8221;|||&#8221;][et_pb_code _builder_version=&#8221;4.0.11&#8243; transform_scale=&#8221;90%|90%&#8221;]<iframe loading=\"lazy\" src=\"https:\/\/www.google.com\/maps\/embed?pb=!1m18!1m12!1m3!1d3316.348122696205!2d-71.64048213108745!3d-33.0246790834195!2m3!1f0!2f0!3f0!3m2!1i1024!2i768!4f13.1!3m3!1m2!1s0x9689e6c64daeace1%3A0xbdadbd524f270fd1!2sUniversidad+de+Playa+Ancha+-+Campus+1!5e0!3m2!1ses-419!2scl!4v1560300584253!5m2!1ses-419!2scl\" width=\"80%\" height=\"400\" frameborder=\"0\" style=\"border:0\" allowfullscreen><\/iframe>[\/et_pb_code][\/et_pb_column][\/et_pb_row][\/et_pb_section]\n","protected":false},"excerpt":{"rendered":"<p>[et_pb_section fb_built=&#8221;1&#8243; admin_label=&#8221;About&#8221; _builder_version=&#8221;4.0.11&#8243; custom_padding=&#8221;||0px|||&#8221; collapsed=&#8221;off&#8221;][et_pb_row _builder_version=&#8221;4.0.11&#8243; custom_margin=&#8221;||||true|true&#8221; custom_padding=&#8221;0px||||false|false&#8221; border_radii=&#8221;on|5px|5px|5px|5px&#8221; border_color_all=&#8221;rgba(0,0,0,0)&#8221; box_shadow_style=&#8221;preset3&#8243;][et_pb_column type=&#8221;4_4&#8243; _builder_version=&#8221;4.0.11&#8243;][et_pb_text _builder_version=&#8221;4.0.11&#8243; text_line_height=&#8221;1.5em&#8221; border_width_all=&#8221;9px&#8221; border_color_all=&#8221;rgba(0,0,0,0)&#8221;] Aviso de cambio en la periodicidad de\u00a0 publicaci\u00f3n de la Revista de Educaci\u00f3n de Adultos y Procesos Formativos: Estimados lectores y autores: Nos complace anunciar un cambio en la periodicidad de publicaci\u00f3n de la Revista Educaci\u00f3n de [&hellip;]<\/p>\n","protected":false},"author":1,"featured_media":0,"parent":0,"menu_order":0,"comment_status":"closed","ping_status":"closed","template":"","meta":{"_et_pb_use_builder":"on","_et_pb_old_content":"[et_pb_section fb_built=\"1\" admin_label=\"About\" _builder_version=\"3.24.1\" custom_padding=\"||0px|||\" animation_style=\"bounce\"][et_pb_row custom_padding=\"|8vw|0px|8vw||\" custom_padding_tablet=\"|0vw||0vw||false\" custom_padding_phone=\"|0vw||0vw||true\" custom_padding_last_edited=\"on|phone\" _builder_version=\"3.25\" locked=\"off\"][et_pb_column type=\"4_4\" _builder_version=\"3.25\" custom_padding=\"|||\" custom_padding__hover=\"|||\"][et_pb_image src=\"https:\/\/www.educaciondeadultosprocesosformativos.cl\/revista\/wp-content\/uploads\/2019\/06\/author-icon-01-4.png\" align=\"center\" _builder_version=\"3.25.1\" filter_hue_rotate=\"70deg\" always_center_on_mobile=\"off\"][\/et_pb_image][et_pb_text admin_label=\"T\u00edtulo misi\u00f3n y visi\u00f3n\" _builder_version=\"3.25.1\" text_font=\"||||||||\" header_font=\"||||||||\" header_2_font=\"Montserrat|800||on|||||\" header_2_text_color=\"#000000\" header_2_font_size=\"60px\" header_2_line_height=\"1.2em\" text_orientation=\"center\" module_alignment=\"right\" header_2_font_size_tablet=\"40px\" header_2_font_size_phone=\"25px\" header_2_font_size_last_edited=\"on|desktop\" locked=\"off\"]<h2>Pol\u00edticas de acceso abierto<\/h2>\r\n[\/et_pb_text][et_pb_divider color=\"rgba(0,0,0,0.06)\" divider_weight=\"3px\" _builder_version=\"3.23.4\" transform_translate=\"10vw|0px\" transform_translate_linked=\"off\" height=\"0px\" custom_margin=\"|||\" locked=\"off\"][\/et_pb_divider][et_pb_text _builder_version=\"3.25.1\" text_font=\"||||||||\" text_font_size=\"18px\" text_line_height=\"1.8em\" text_orientation=\"justified\" text_font_size_tablet=\"16px\" text_font_size_phone=\"14px\" text_font_size_last_edited=\"on|phone\" text_line_height_tablet=\"1.8em\" text_line_height_phone=\"1.7em\" text_line_height_last_edited=\"off|phone\" locked=\"off\"]<p>La<strong> Revista<\/strong> proporciona acceso inmediato y gratuito a todos los contenidos de esta edici\u00f3n electr\u00f3nica. Para m\u00e1s informaci\u00f3n sobre esta condici\u00f3n, visite CreativeCommons.cl.<\/p>\r\n<p><a rel=\"license\" href=\"http:\/\/creativecommons.org\/licenses\/by-nc-sa\/4.0\/\"><img alt=\"Licencia Creative Commons\" style=\"border-width: 0;\" src=\"https:\/\/i.creativecommons.org\/l\/by-nc-sa\/4.0\/88x31.png\" \/><\/a><br \/> Esta obra est\u00e1 bajo una <a rel=\"license\" href=\"http:\/\/creativecommons.org\/licenses\/by-nc-sa\/4.0\/\">Licencia Creative Commons Atribuci\u00f3n-NoComercial-CompartirIgual 4.0 Internacional<\/a>.<\/p>\r\n[\/et_pb_text][\/et_pb_column][\/et_pb_row][\/et_pb_section][et_pb_section fb_built=\"1\" admin_label=\"About\" _builder_version=\"3.24.1\" custom_padding=\"||0px|||\" animation_style=\"bounce\"][et_pb_row custom_padding=\"|8vw|0px|8vw||\" custom_padding_tablet=\"|0vw||0vw||false\" custom_padding_phone=\"|0vw||0vw||true\" custom_padding_last_edited=\"on|phone\" _builder_version=\"3.25\" locked=\"off\"][et_pb_column type=\"4_4\" _builder_version=\"3.25\" custom_padding=\"|||\" custom_padding__hover=\"|||\"][et_pb_image src=\"https:\/\/www.educaciondeadultosprocesosformativos.cl\/revista\/wp-content\/uploads\/2019\/06\/author-icon-06-4.png\" align=\"center\" _builder_version=\"3.24.1\" filter_hue_rotate=\"70deg\" always_center_on_mobile=\"off\"][\/et_pb_image][et_pb_text admin_label=\"T\u00edtulo misi\u00f3n y visi\u00f3n\" _builder_version=\"3.24.1\" text_font=\"||||||||\" header_font=\"||||||||\" header_2_font=\"Montserrat|800||on|||||\" header_2_text_color=\"#000000\" header_2_font_size=\"60px\" header_2_line_height=\"1.2em\" text_orientation=\"center\" module_alignment=\"right\" header_2_font_size_tablet=\"40px\" header_2_font_size_phone=\"25px\" header_2_font_size_last_edited=\"on|desktop\" locked=\"off\"]<h2>Env\u00edos<\/h2>[\/et_pb_text][et_pb_divider color=\"rgba(0,0,0,0.06)\" divider_weight=\"3px\" _builder_version=\"3.23.4\" transform_translate=\"10vw|0px\" transform_translate_linked=\"off\" height=\"0px\" custom_margin=\"|||\" locked=\"off\"][\/et_pb_divider][et_pb_text _builder_version=\"3.25.1\" text_font=\"||||||||\" text_font_size=\"18px\" text_line_height=\"1.8em\" text_orientation=\"justified\" text_font_size_tablet=\"16px\" text_font_size_phone=\"14px\" text_font_size_last_edited=\"on|phone\" text_line_height_tablet=\"1.8em\" text_line_height_phone=\"1.7em\" text_line_height_last_edited=\"off|phone\" locked=\"off\"]<p>La <strong>Revista de Educaci\u00f3n de Adultos y Procesos Formativos<\/strong> publica en formato electr\u00f3nico art\u00edculos originales, art\u00edculos de revisi\u00f3n, estudios, proyectos de investigaci\u00f3n, informes t\u00e9cnicos, rese\u00f1as de libros o comentarios de art\u00edculos publicados por la revista, informes t\u00e9cnicos, comunicaciones en congresos, comunicaciones cortas, cartas al editor, estados del arte, propuestas, experiencias y reflexiones relacionadas con los temas propios a la EPAJ, entre otros tipos de documento. En todos los casos deber\u00e1 primar el contenido cient\u00edfico. S\u00f3lo se aceptan trabajos in\u00e9ditos.<\/p>\r\n[\/et_pb_text][\/et_pb_column][\/et_pb_row][\/et_pb_section][et_pb_section fb_built=\"1\" admin_label=\"testimonials\" _builder_version=\"3.24.1\" use_background_color_gradient=\"on\" background_color_gradient_start=\"#009bdb\" background_color_gradient_end=\"#ffffff\" background_color_gradient_direction=\"50deg\" background_color_gradient_end_position=\"38%\" background_image=\"https:\/\/www.educaciondeadultosprocesosformativos.cl\/revista\/wp-content\/uploads\/2019\/06\/ebook-13.png\" animation_style=\"slide\" custom_padding=\"0px|||||\"][et_pb_row _builder_version=\"3.25\"][et_pb_column type=\"4_4\" _builder_version=\"3.25\" custom_padding=\"|||\" custom_padding__hover=\"|||\"][et_pb_image src=\"https:\/\/www.educaciondeadultosprocesosformativos.cl\/revista\/wp-content\/uploads\/2019\/06\/author-icon-05-4.png\" align=\"center\" _builder_version=\"3.25.1\" filter_hue_rotate=\"70deg\" always_center_on_mobile=\"off\"][\/et_pb_image][et_pb_text _builder_version=\"3.24.1\" header_font=\"||||||||\" header_2_font=\"Montserrat|800||on|||||\" header_2_text_color=\"#000000\" header_2_font_size=\"60px\" header_2_line_height=\"1.2em\" module_alignment=\"right\" header_2_font_size_tablet=\"40px\" header_2_font_size_phone=\"25px\" header_2_font_size_last_edited=\"on|desktop\" locked=\"off\"]<h2>Formato general de publicaci\u00f3n<\/h2>[\/et_pb_text][\/et_pb_column][\/et_pb_row][et_pb_row custom_padding=\"66px|60px|60px|60px|false|true\" custom_padding_phone=\"30px|20px|30px|20px|true|true\" custom_padding_last_edited=\"on|phone\" _builder_version=\"3.25\" background_color=\"#ffffff\" box_shadow_style=\"preset3\" box_shadow_vertical=\"40px\" box_shadow_blur=\"80px\" box_shadow_spread=\"-20px\" box_shadow_color=\"rgba(0,0,0,0.17)\" custom_margin_tablet=\"0px|||\" custom_margin_last_edited=\"off|desktop\" column_structure=\"3_5,1_5,1_5\"][et_pb_column type=\"3_5\" _builder_version=\"3.25\" custom_padding=\"|||\" custom_padding__hover=\"|||\"][et_pb_text _builder_version=\"3.24.1\"]<ul>\r\n<li><strong>Tama\u00f1o:<\/strong> Carta.<\/li>\r\n<li><strong>Letra:<\/strong> Times New Roman, 12.<\/li>\r\n<li><strong>Espaciado:<\/strong> 1,5.<\/li>\r\n<li><strong>Margen:<\/strong> 3 cm.<\/li>\r\n<li><strong>Extensi\u00f3n del texto:<\/strong> No mayor a 25 p\u00e1ginas.<\/li>\r\n<li><strong>Estructura de contenidos:<\/strong>\r\n<ul>\r\n<li>T\u00edtulo original.<\/li>\r\n<li>T\u00edtulo en espa\u00f1ol (en caso que el t\u00edtulo sea en otro idioma).<\/li>\r\n<li>Resumen: Debe contar con cuatro puntos: alcance y prop\u00f3sito, m\u00e9todos empleados, resultados obtenidos, conclusiones o interpretaci\u00f3n de resultados.<\/li>\r\n<li>Palabras Clave (m\u00e1ximo cinco t\u00e9rminos, internacionalmente aceptados en el campo de la educaci\u00f3n, Tesauro de Eric)<\/li>\r\n<li>T\u00edtulo en ingl\u00e9s (en caso que el t\u00edtulo original no sea en ingl\u00e9s).<\/li>\r\n<li>Keywords.<\/li>\r\n<li>Cuerpo de la investigaci\u00f3n.<\/li>\r\n<li>Referencias bibliogr\u00e1ficas.<\/li>\r\n<\/ul>\r\n<\/li>\r\n<li><strong>Identificaci\u00f3n del autor:<\/strong>\r\n<ul>\r\n<li>Nombre completo del(os) autor(es)<\/li>\r\n<li>Grado(s) acad\u00e9mico(s)<\/li>\r\n<li>Afiliaci\u00f3n institucional.<\/li>\r\n<li>Cargo que desempe\u00f1a.<\/li>\r\n<li>Correo electr\u00f3nico del(os) autor(es)<\/li>\r\n<li>Tel\u00e9fono(s)<\/li>\r\n<li>Menci\u00f3n de las becas, ayudas o soporte financiero con el que se ha contado para la subvenci\u00f3n del trabajo.<\/li>\r\n<li>Carta de cesi\u00f3n de derechos de autor.<\/li>\r\n<\/ul>\r\n<\/li>\r\n<li><strong>Formato de edici\u00f3n: <\/strong>Normas APA (en cada trabajo las notas deben ubicarse al pie de p\u00e1gina y estar numeradas. Estas notas ser\u00e1n solamente de de contenido o comentarios bibliogr\u00e1ficos).<\/li>\r\n<\/ul>[\/et_pb_text][\/et_pb_column][et_pb_column type=\"1_5\" _builder_version=\"3.25\" custom_padding=\"|||\" custom_padding__hover=\"|||\"][et_pb_text _builder_version=\"3.24.1\" link_option_url=\"https:\/\/www.educaciondeadultosprocesosformativos.cl\/revista\/wp-content\/uploads\/2019\/06\/2019_0614_revistaeducaciondeadultosyprocesosformativos_plantilla.docx\" link_option_url_new_window=\"on\"]<h2>Plantilla para redacci\u00f3n de trabajos<\/h2>\r\n<p>Formato docx, 15 KB<\/p>[\/et_pb_text][et_pb_image src=\"https:\/\/www.educaciondeadultosprocesosformativos.cl\/revista\/wp-content\/uploads\/2019\/06\/2019_0614_revistaeducaciondeadultosyprocesosformativos_plantilla.png\" url=\"https:\/\/www.educaciondeadultosprocesosformativos.cl\/revista\/wp-content\/uploads\/2019\/06\/2019_0614_revistaeducaciondeadultosyprocesosformativos_plantilla.docx\" admin_label=\"Plantilla doc\" _builder_version=\"3.24.1\" box_shadow_style=\"preset3\"][\/et_pb_image][et_pb_text _builder_version=\"3.24.1\" link_option_url=\"https:\/\/www.educaciondeadultosprocesosformativos.cl\/revista\/wp-content\/uploads\/2019\/06\/2019_0109_educaciondeadultos_revista_cartacesion.doc\"]<h2>Carta de cesi\u00f3n de derechos para env\u00edo<\/h2>\r\n<p>Formato doc, 170 KB<\/p>[\/et_pb_text][et_pb_image src=\"https:\/\/www.educaciondeadultosprocesosformativos.cl\/revista\/wp-content\/uploads\/2019\/06\/2019_0109_educaciondeadultos_revista_cartacesion.png\" url=\"https:\/\/www.educaciondeadultosprocesosformativos.cl\/revista\/wp-content\/uploads\/2019\/06\/2019_0109_educaciondeadultos_revista_cartacesion.doc\" admin_label=\"Plantilla doc\" _builder_version=\"3.24.1\" box_shadow_style=\"preset3\"][\/et_pb_image][\/et_pb_column][et_pb_column type=\"1_5\" _builder_version=\"3.25\" custom_padding=\"|||\" custom_padding__hover=\"|||\"][et_pb_text _builder_version=\"3.24.1\" link_option_url=\"https:\/\/www.educaciondeadultosprocesosformativos.cl\/revista\/wp-content\/uploads\/2019\/06\/2019_0614_revistaeducaciondeadultosyprocesosformativos_sugerencias_apa.pdf\" link_option_url_new_window=\"on\"]<h2>Ejemplos de referencias Normas APA<\/h2>\r\n<p>Formato pdf, 71 KB<\/p>[\/et_pb_text][et_pb_image src=\"https:\/\/www.educaciondeadultosprocesosformativos.cl\/revista\/wp-content\/uploads\/2019\/06\/2019_0614_revistaeducaciondeadultosyprocesosformativos_sugerencias_apa.png\" url=\"https:\/\/www.educaciondeadultosprocesosformativos.cl\/revista\/wp-content\/uploads\/2019\/06\/2019_0614_revistaeducaciondeadultosyprocesosformativos_sugerencias_apa.pdf\" admin_label=\"Plantilla doc\" _builder_version=\"3.24.1\" box_shadow_style=\"preset3\"][\/et_pb_image][\/et_pb_column][\/et_pb_row][\/et_pb_section][et_pb_section fb_built=\"1\" admin_label=\"testimonials\" _builder_version=\"3.24.1\" use_background_color_gradient=\"on\" background_color_gradient_start=\"#009bdb\" background_color_gradient_end=\"#ffffff\" background_color_gradient_direction=\"50deg\" background_color_gradient_end_position=\"38%\" background_image=\"https:\/\/www.educaciondeadultosprocesosformativos.cl\/revista\/wp-content\/uploads\/2019\/06\/ebook-13.png\" animation_style=\"fade\"][et_pb_row _builder_version=\"3.25\"][et_pb_column type=\"4_4\" _builder_version=\"3.25\" custom_padding=\"|||\" custom_padding__hover=\"|||\"][et_pb_image src=\"https:\/\/www.educaciondeadultosprocesosformativos.cl\/revista\/wp-content\/uploads\/2019\/06\/author-icon-05-4.png\" _builder_version=\"3.24.1\" filter_hue_rotate=\"70deg\" always_center_on_mobile=\"off\"][\/et_pb_image][et_pb_text _builder_version=\"3.24.1\" header_font=\"||||||||\" header_2_font=\"Montserrat|800||on|||||\" header_2_text_color=\"#000000\" header_2_font_size=\"60px\" header_2_line_height=\"1.2em\" module_alignment=\"right\" header_2_font_size_tablet=\"40px\" header_2_font_size_phone=\"25px\" header_2_font_size_last_edited=\"on|desktop\" locked=\"off\"]<h2>otras consideraciones<\/h2>[\/et_pb_text][\/et_pb_column][\/et_pb_row][et_pb_row custom_padding=\"66px|60px|60px|60px|false|true\" custom_padding_phone=\"30px|20px|30px|20px|true|true\" custom_padding_last_edited=\"on|phone\" _builder_version=\"3.25\" background_color=\"#ffffff\" box_shadow_style=\"preset3\" box_shadow_vertical=\"40px\" box_shadow_blur=\"80px\" box_shadow_spread=\"-20px\" box_shadow_color=\"rgba(0,0,0,0.17)\" custom_margin_tablet=\"0px|||\" custom_margin_last_edited=\"off|desktop\" column_structure=\"1_2,1_2\"][et_pb_column type=\"1_2\" _builder_version=\"3.25\" custom_padding=\"|||\" custom_padding__hover=\"|||\"][et_pb_text _builder_version=\"3.25.1\"]<h2>Sistema de Arbitraje<\/h2>\r\n<p>Los art\u00edculos, para su evaluaci\u00f3n, ser\u00e1n remitidos a dos pares evaluadores externos para su revisi\u00f3n, a trav\u00e9s del sistema doble ciego. En caso de diferencias en la evaluaci\u00f3n final, se le remitir\u00e1 a un tercer evaluador, para resolver la discrepancia.<\/p>\r\n[\/et_pb_text][et_pb_text _builder_version=\"3.25.1\"]<h2>Periodicidad de la publicaci\u00f3n<\/h2>\r\n<p>Semestral: en julio y diciembre de cada a\u00f1o.<\/p>\r\n[\/et_pb_text][\/et_pb_column][et_pb_column type=\"1_2\" _builder_version=\"3.25\" custom_padding=\"|||\" custom_padding__hover=\"|||\"][et_pb_text _builder_version=\"3.24.1\"]<h2>Declaraci\u00f3n de conflictos<\/h2>\r\n<p>El Comit\u00e9 Editorial solicita a los\/as autores\/as enviar una declaraci\u00f3n de conflicto de intereses, mediante una carta, en caso de que este existiese.<\/p>\r\n<p>En caso de que un art\u00edculo sea aprobado por uno de los \u00e1rbitros y rechazado por otro se recurrir\u00e1 a un tercer \u00e1rbitro que decida la publicaci\u00f3n del texto.<\/p>[\/et_pb_text][\/et_pb_column][\/et_pb_row][\/et_pb_section][et_pb_section fb_built=\"1\" custom_padding_last_edited=\"on|phone\" admin_label=\"Footer\" _builder_version=\"3.24\" background_color=\"#9e3464\" background_color_gradient_direction=\"240deg\" background_size=\"contain\" background_position=\"top_center\" background_blend=\"hue\" custom_margin=\"||\" custom_padding=\"2vw||0vw||false|\" custom_padding_tablet=\"36vw||\" custom_padding_phone=\"46vw||4vw||false|\" global_module=\"224\" saved_tabs=\"all\" locked=\"off\"][et_pb_row _builder_version=\"3.25\" max_width=\"80%\" column_structure=\"1_2,1_2\"][et_pb_column type=\"1_2\" _builder_version=\"3.25\" custom_padding=\"|||\" custom_padding__hover=\"|||\"][et_pb_text _builder_version=\"3.24.1\" text_font=\"||||||||\" text_font_size=\"18px\" text_line_height=\"1.8em\" header_font=\"||||||||\" header_2_font=\"Montserrat|800||on|||||\" header_2_font_size=\"3vw\" header_2_line_height=\"1.2em\" header_3_font=\"Montserrat|700|||||||\" header_3_font_size=\"16px\" header_3_line_height=\"1.4em\" background_layout=\"dark\" module_alignment=\"right\" text_font_size_tablet=\"16px\" text_font_size_phone=\"14px\" text_font_size_last_edited=\"on|phone\" text_line_height_tablet=\"1.8em\" text_line_height_phone=\"1.7em\" text_line_height_last_edited=\"off|phone\" header_2_font_size_phone=\"8vw\" header_2_font_size_last_edited=\"on|phone\"]<h2>Cont\u00e1ctanos<\/h2>\r\n<p>Haznos saber tus dudas, comentarios, experiencias. Nuestro trabajo se sustenta principalmente en las redes, por lo que estamos atentos a recibir tus comentarios.<\/p>[\/et_pb_text][et_pb_contact_form email=\"humberto.zapata@upla.cl\" success_message=\"Gracias por comunicarte con nosotros. Trataremos de contactarte a la brevedad posible.\" _builder_version=\"3.24\" form_field_text_color=\"#555555\" captcha_font=\"|600|||||||\" captcha_text_color=\"#ffffff\" form_field_font=\"||||||||\" custom_button=\"on\" button_text_color=\"#ffffff\" button_font=\"||||||||\"][et_pb_contact_field field_id=\"Nombre\" field_title=\"Nombre\" _builder_version=\"3.24\" border_radii=\"on||||\" button_text_size__hover_enabled=\"off\" button_one_text_size__hover_enabled=\"off\" button_two_text_size__hover_enabled=\"off\" button_text_color__hover_enabled=\"off\" button_one_text_color__hover_enabled=\"off\" button_two_text_color__hover_enabled=\"off\" button_border_width__hover_enabled=\"off\" button_one_border_width__hover_enabled=\"off\" button_two_border_width__hover_enabled=\"off\" button_border_color__hover_enabled=\"off\" button_one_border_color__hover_enabled=\"off\" button_two_border_color__hover_enabled=\"off\" button_border_radius__hover_enabled=\"off\" button_one_border_radius__hover_enabled=\"off\" button_two_border_radius__hover_enabled=\"off\" button_letter_spacing__hover_enabled=\"off\" button_one_letter_spacing__hover_enabled=\"off\" button_two_letter_spacing__hover_enabled=\"off\" button_bg_color__hover_enabled=\"off\" button_one_bg_color__hover_enabled=\"off\" button_two_bg_color__hover_enabled=\"off\"][\/et_pb_contact_field][et_pb_contact_field field_id=\"Correo_electr\u00f3nico\" field_title=\"Direcci\u00f3n de correo electr\u00f3nico\" field_type=\"email\" _builder_version=\"3.24\" border_radii=\"on||||\" button_text_size__hover_enabled=\"off\" button_one_text_size__hover_enabled=\"off\" button_two_text_size__hover_enabled=\"off\" button_text_color__hover_enabled=\"off\" button_one_text_color__hover_enabled=\"off\" button_two_text_color__hover_enabled=\"off\" button_border_width__hover_enabled=\"off\" button_one_border_width__hover_enabled=\"off\" button_two_border_width__hover_enabled=\"off\" button_border_color__hover_enabled=\"off\" button_one_border_color__hover_enabled=\"off\" button_two_border_color__hover_enabled=\"off\" button_border_radius__hover_enabled=\"off\" button_one_border_radius__hover_enabled=\"off\" button_two_border_radius__hover_enabled=\"off\" button_letter_spacing__hover_enabled=\"off\" button_one_letter_spacing__hover_enabled=\"off\" button_two_letter_spacing__hover_enabled=\"off\" button_bg_color__hover_enabled=\"off\" button_one_bg_color__hover_enabled=\"off\" button_two_bg_color__hover_enabled=\"off\"][\/et_pb_contact_field][et_pb_contact_field field_id=\"Tel\u00e9fono_de_contacto\" field_title=\"Tel\u00e9fono\" allowed_symbols=\"numbers\" required_mark=\"off\" fullwidth_field=\"on\" _builder_version=\"3.24\"][\/et_pb_contact_field][et_pb_contact_field field_id=\"Message\" field_title=\"Mensaje\" field_type=\"text\" fullwidth_field=\"on\" _builder_version=\"3.16\" border_radii=\"on||||\" button_text_size__hover_enabled=\"off\" button_one_text_size__hover_enabled=\"off\" button_two_text_size__hover_enabled=\"off\" button_text_color__hover_enabled=\"off\" button_one_text_color__hover_enabled=\"off\" button_two_text_color__hover_enabled=\"off\" button_border_width__hover_enabled=\"off\" button_one_border_width__hover_enabled=\"off\" button_two_border_width__hover_enabled=\"off\" button_border_color__hover_enabled=\"off\" button_one_border_color__hover_enabled=\"off\" button_two_border_color__hover_enabled=\"off\" button_border_radius__hover_enabled=\"off\" button_one_border_radius__hover_enabled=\"off\" button_two_border_radius__hover_enabled=\"off\" button_letter_spacing__hover_enabled=\"off\" button_one_letter_spacing__hover_enabled=\"off\" button_two_letter_spacing__hover_enabled=\"off\" button_bg_color__hover_enabled=\"off\" button_one_bg_color__hover_enabled=\"off\" button_two_bg_color__hover_enabled=\"off\"][\/et_pb_contact_field][\/et_pb_contact_form][\/et_pb_column][et_pb_column type=\"1_2\" _builder_version=\"3.25\" custom_padding=\"|||\" custom_padding__hover=\"|||\"][et_pb_code _builder_version=\"3.24.1\"]<iframe src=\"https:\/\/www.google.com\/maps\/embed?pb=!1m18!1m12!1m3!1d3316.348122696205!2d-71.64048213108745!3d-33.0246790834195!2m3!1f0!2f0!3f0!3m2!1i1024!2i768!4f13.1!3m3!1m2!1s0x9689e6c64daeace1%3A0xbdadbd524f270fd1!2sUniversidad+de+Playa+Ancha+-+Campus+1!5e0!3m2!1ses-419!2scl!4v1560300584253!5m2!1ses-419!2scl\" width=\"100%\" height=\"650\" frameborder=\"0\" style=\"border:0\" allowfullscreen><\/iframe>[\/et_pb_code][\/et_pb_column][\/et_pb_row][\/et_pb_section]","inline_featured_image":false,"footnotes":""},"class_list":["post-230","page","type-page","status-publish","hentry"],"_links":{"self":[{"href":"https:\/\/www.educaciondeadultosprocesosformativos.cl\/revista\/wp-json\/wp\/v2\/pages\/230","targetHints":{"allow":["GET"]}}],"collection":[{"href":"https:\/\/www.educaciondeadultosprocesosformativos.cl\/revista\/wp-json\/wp\/v2\/pages"}],"about":[{"href":"https:\/\/www.educaciondeadultosprocesosformativos.cl\/revista\/wp-json\/wp\/v2\/types\/page"}],"author":[{"embeddable":true,"href":"https:\/\/www.educaciondeadultosprocesosformativos.cl\/revista\/wp-json\/wp\/v2\/users\/1"}],"replies":[{"embeddable":true,"href":"https:\/\/www.educaciondeadultosprocesosformativos.cl\/revista\/wp-json\/wp\/v2\/comments?post=230"}],"version-history":[{"count":45,"href":"https:\/\/www.educaciondeadultosprocesosformativos.cl\/revista\/wp-json\/wp\/v2\/pages\/230\/revisions"}],"predecessor-version":[{"id":1597,"href":"https:\/\/www.educaciondeadultosprocesosformativos.cl\/revista\/wp-json\/wp\/v2\/pages\/230\/revisions\/1597"}],"wp:attachment":[{"href":"https:\/\/www.educaciondeadultosprocesosformativos.cl\/revista\/wp-json\/wp\/v2\/media?parent=230"}],"curies":[{"name":"wp","href":"https:\/\/api.w.org\/{rel}","templated":true}]}}