{"id":200,"date":"2019-06-14T22:39:41","date_gmt":"2019-06-14T20:39:41","guid":{"rendered":"https:\/\/www.educaciondeadultosprocesosformativos.cl\/revista\/?page_id=200"},"modified":"2025-05-14T15:33:52","modified_gmt":"2025-05-14T19:33:52","slug":"somos","status":"publish","type":"page","link":"https:\/\/www.educaciondeadultosprocesosformativos.cl\/revista\/somos\/","title":{"rendered":"Somos"},"content":{"rendered":"[et_pb_section fb_built=&#8221;1&#8243; _builder_version=&#8221;4.0.11&#8243;][et_pb_row _builder_version=&#8221;4.0.11&#8243;][et_pb_column type=&#8221;4_4&#8243; _builder_version=&#8221;4.0.11&#8243;][et_pb_text _builder_version=&#8221;4.0.11&#8243; text_font=&#8221;Arial||||||||&#8221; text_line_height=&#8221;1.5em&#8221; text_orientation=&#8221;justified&#8221;]\n<h2>Misi\u00f3n<\/h2>\n<p>La Revista de Educaci\u00f3n de Adultos y Procesos Formativos se propone como misi\u00f3n ser un lugar de encuentro, reflexi\u00f3n y debate pedag\u00f3gico, disciplinario y ciudadano; proponi\u00e9ndonos contribuir al fortalecimiento de las capacidades de todos los sujetos que trabajan por el desarrollo de \u201cSociedades de aprendizajes justas e inclusivas\u201d. Es un espacio habilitado para la difusi\u00f3n de art\u00edculos acad\u00e9micos, experiencias pedag\u00f3gicas, art\u00edculos in\u00e9ditos producto de una investigaci\u00f3n o estudio que a su vez forme parte de un proyecto de investigaci\u00f3n y documentos de an\u00e1lisis u otros, elaborados por los protagonistas de la educaci\u00f3n de j\u00f3venes y adultos nacional e internacionalmente: docentes, investigadores, gestores y responsables de programas y pol\u00edticas educativas y miembros de la comunidad acad\u00e9mica de las ciencias sociales que estudian los procesos formativos en diversos contextos productivos, culturales y territoriales.<\/p>\n<h2>Visi\u00f3n<\/h2>\n<p>Nuestros autores y lectores corresponden a una comunidad abierta de docentes, investigadores, trabajadores sociales, acad\u00e9micos, autoridades ministeriales y otros tantos promotores que asumen la educaci\u00f3n de j\u00f3venes y adultos como un proceso de transformaci\u00f3n de personas, medios y sistemas en el \u00e1mbito nacional e internacional. En consecuencia, no es excluyente con los esfuerzos aut\u00f3nomos existentes, como lo son los educadores populares y otros que puedan encontrar en sus p\u00e1ginas orientaciones, di\u00e1logos o tribuna de sus propias b\u00fasquedas. Nuestra l\u00ednea editorial considera el Derecho a la Educaci\u00f3n durante toda la vida como un sustento fundamental del desarrollo social; abogando desde sus p\u00e1ginas por pertinencia y cobertura de los servicios educativos y culturales para todos los sectores etarios.<\/p>\n<h2>Pol\u00edtica de preservaci\u00f3n de archivo<\/h2>\n<p>Bas\u00e1ndonos en nuestra misi\u00f3n, nos preocupamos de preservar los archivos digitales, pensando en nuestro p\u00fablico acad\u00e9mico, nacional e internacional. Estamos seguros de que el d\u00eda de ma\u00f1ana nos agradecer\u00e1n el conservar tan valiosa informaci\u00f3n en estos archivos, que hoy son presente y ma\u00f1ana ser\u00e1n pasado.<\/p>\n<p>Tenemos normalizadas las funciones tanto del profesional a cargo de la gesti\u00f3n del sitio y los contenidos web, como de la profesional bibliotecaria. La administraci\u00f3n de revistas -en su parte inform\u00e1tica- la tiene el profesional del \u00e1rea de las comunicaciones, quien tiene a su cargo la publicaci\u00f3n de los art\u00edculos en el <em>sitio web<\/em>, utilizando para ello el gestor de contenidos <em>WordPress<\/em>.<\/p>\n<p>Para la preservaci\u00f3n de los contenidos de la revista, se utiliza un protocolo de respaldo inform\u00e1tico en los servidores institucionales. La profesional bibliotecaria es la responsable de visar la correcta publicaci\u00f3n de toda la informaci\u00f3n de la revista, previa revisi\u00f3n y aceptaci\u00f3n del comit\u00e9 editorial. Cada profesional maneja sus respectivas claves y ambos est\u00e1n en contacto directo con el editor general y de comunicaciones de la revista.<\/p>\n[\/et_pb_text][\/et_pb_column][\/et_pb_row][et_pb_row column_structure=&#8221;1_2,1_2&#8243; _builder_version=&#8221;4.0.11&#8243;][et_pb_column type=&#8221;1_2&#8243; _builder_version=&#8221;4.0.11&#8243;][et_pb_text _builder_version=&#8221;3.27.4&#8243;]\n<h2>Comit\u00e9 editorial<\/h2>\n[\/et_pb_text][et_pb_team_member name=&#8221;Jorge Osorio Vargas&#8221; position=&#8221;Acad\u00e9mico de la Universidad de Playa Ancha&#8221; _builder_version=&#8221;4.0.11&#8243;]\n<p>Mag\u00edster en <span style=\"font-family: inherit;\">Educaci\u00f3n<\/span> y Mediaci\u00f3n Pedag\u00f3gica, Universidad Antonio de Valdivieso, Nicaragua<\/p>\n[\/et_pb_team_member][et_pb_team_member name=&#8221;Patricia Mu\u00f1oz Salazar&#8221; position=&#8221;Acad\u00e9mica de la Universidad de Playa Ancha&#8221; _builder_version=&#8221;3.24.1&#8243; hover_enabled=&#8221;0&#8243;]\n<p>Ph.D en Sociolog\u00eda, Universidad Estatal de Pensylvania, Estados Unidos.<\/p>\n[\/et_pb_team_member][et_pb_team_member name=&#8221;Marjorie Agosin (Z&#8221;L)&#8221; position=&#8221;Acad\u00e9mica del Wellesley College, Massachusetts, Estados Unidos&#8221; _builder_version=&#8221;4.0.11&#8243; hover_enabled=&#8221;0&#8243;]Ph.D en Literatura Latinoamericana, Universidad de Indiana, Estados Unidos.[\/et_pb_team_member][et_pb_team_member name=&#8221;Carlos Calvo Mu\u00f1oz&#8221; position=&#8221;Acad\u00e9mico de la Universidad de La Serena&#8221; _builder_version=&#8221;3.24.1&#8243;]Ph.D en Educaci\u00f3n, Universidad de Stanford, Estados Unidos.[\/et_pb_team_member][et_pb_team_member name=&#8221;Mar\u00eda Clara Di Pierro&#8221; position=&#8221;Acad\u00e9mico de la Universidad de Sao Paulo, Brasil&#8221; _builder_version=&#8221;3.24.1&#8243;]Doctora en Historia y Filosof\u00eda de la Educaci\u00f3n, Pontificia Universidad Cat\u00f3lica de Sao Paulo, Brasil.[\/et_pb_team_member][et_pb_team_member name=&#8221;Silvia L\u00f3pez de Maturana&#8221; position=&#8221;Acad\u00e9mica de la Universidad de La Serena&#8221; _builder_version=&#8221;3.24.1&#8243;]\n<p>Doctora en Pedagog\u00eda, Universidad de Valencia, Espa\u00f1a<\/p>\n[\/et_pb_team_member][et_pb_team_member name=&#8221;Eusebio N\u00e1jera Mart\u00ednez&#8221; position=&#8221;Acad\u00e9mico de la Pontificia Universidad Cat\u00f3lica de Valpara\u00edso, Chile&#8221; _builder_version=&#8221;3.24.1&#8243;]Mag\u00edster en Educaci\u00f3n, menci\u00f3n Educaci\u00f3n de Adultos y J\u00f3venes, Universidad Metropolitana de Ciencias de la Educaci\u00f3n, Chile.[\/et_pb_team_member][et_pb_team_member name=&#8221;Rolando Pinto Contreras&#8221; position=&#8221;Acad\u00e9mico de la Universidad Metropolitana de Ciencias de la Educaci\u00f3n&#8221; _builder_version=&#8221;3.24.1&#8243;]\n<p>Doctor en Ciencias de la Educaci\u00f3n, Universidad Cat\u00f3lica de Leuven, Lovaina, B\u00e9lgica.<\/p>\n[\/et_pb_team_member][\/et_pb_column][et_pb_column type=&#8221;1_2&#8243; _builder_version=&#8221;4.0.11&#8243;][et_pb_text _builder_version=&#8221;3.27.4&#8243;]\n<h2>Gesti\u00f3n editorial<\/h2>\n[\/et_pb_text][et_pb_team_member name=&#8221;Carlos Gonz\u00e1lez Morales&#8221; position=&#8221;Rector de la Universidad de Playa Ancha&#8221; _builder_version=&#8221;4.0.11&#8243;]\n<p>\u00a0Representante Legal<\/p>\n[\/et_pb_team_member][et_pb_team_member name=&#8221;Dra. Silvia Sarzoza Herrera&#8221; position=&#8221;Decana de la Facultad de Ciencias de la Educaci\u00f3n UPLA&#8221; _builder_version=&#8221;4.0.11&#8243;]\n<p>Representante de la Facultad de Ciencias de la Educaci\u00f3n<\/p>\n[\/et_pb_team_member][et_pb_team_member name=&#8221;Dra. Violeta Acu\u00f1a Collado&#8221; position=&#8221;Coordinadora del Programa Desarrollo Disciplinario de Educaci\u00f3n de J\u00f3venes y Adultos, Facultad de Ciencias de la Educaci\u00f3n, UPLA&#8221; _builder_version=&#8221;4.0.11&#8243;]\n<p>Directora editorial<\/p>\n[\/et_pb_team_member][et_pb_team_member name=&#8221;Judith Pereira Ferrada&#8221; position=&#8221;Editora&#8221; _builder_version=&#8221;4.0.11&#8243; min_height=&#8221;56px&#8221;][\/et_pb_team_member][et_pb_team_member name=&#8221;Mart\u00edn R\u00edos L\u00f3pez&#8221; position=&#8221;Asesor editorial&#8221; _builder_version=&#8221;4.0.11&#8243; min_height=&#8221;56px&#8221;][\/et_pb_team_member][et_pb_text _builder_version=&#8221;4.0.11&#8243;]\n<h2>\u00a0<\/h2>\n<h2>Gesti\u00f3n web y Dise\u00f1o Gr\u00e1fico<\/h2>\n[\/et_pb_text][et_pb_team_member name=&#8221;Alejandro Vega Inostroza&#8221; position=&#8221;Dise\u00f1ador Web&#8221; _builder_version=&#8221;4.0.11&#8243; min_height=&#8221;39px&#8221;][\/et_pb_team_member][\/et_pb_column][\/et_pb_row][et_pb_row _builder_version=&#8221;4.0.11&#8243;][et_pb_column type=&#8221;4_4&#8243; _builder_version=&#8221;4.0.11&#8243;][et_pb_text _builder_version=&#8221;4.0.11&#8243; text_orientation=&#8221;center&#8221; width=&#8221;90%&#8221; max_width=&#8221;960px&#8221;]\n<h2>\u00a0<\/h2>\n<h2>\u00a0<\/h2>\n<h2>Consejo asesor<\/h2>\n<table style=\"width: 94.284%;\">\n<tbody>\n<tr>\n<td style=\"width: 53.9735%;\">\n<ul>\n<li><strong>Pep Aparicio Guadas<\/strong>, Instituto Paulo Freire, Espa\u00f1a.<\/li>\n<li><strong>Miriam Camilo Recio<\/strong>, Direcci\u00f3n General de Educaci\u00f3n de J\u00f3venes y Adultos del Ministerio de Educaci\u00f3n, Rep\u00fablica Dominicana.<\/li>\n<li><strong>Lola Cendales Gonz\u00e1lez,<\/strong> Consejo de Educaci\u00f3n de Adultos para Am\u00e9rica Latina (CEAAL), Colombia.<\/li>\n<li><strong>N\u00e9lida C\u00e9spedes Rossel<\/strong>,\u00a0Consejo de Educaci\u00f3n de Adultos para Am\u00e9rica Latina (CEAAL), Per\u00fa.<\/li>\n<li><strong>Alfredo Ghiso Cotos<\/strong>, Universidad de Antioqu\u00eda, Colombia.<\/li>\n<li><strong>Sergio Haddad,<\/strong> Universidad de Caixas do Sul, Brasil.<\/li>\n<li><strong>\u00d3scar Jara Holiday<\/strong>, Centro de Estudios y Publicaciones Alforja, Costa Rica; CEEAL.<\/li>\n<li><strong>Emilio Lucio-Villegas Ramos,<\/strong> Universidad de Sevilla, Espa\u00f1a.<\/li>\n<\/ul>\n<\/td>\n<td style=\"width: 437.456%;\">\n<ul>\n<li><strong>Marco Ra\u00fal Mej\u00eda Jim\u00e9nez<\/strong>, Consejo de Educaci\u00f3n de Adultos para Am\u00e9rica Latina (CEAAL), Colombia.<\/li>\n<li><strong>C\u00e9sar Pic\u00f3n Espinoza<\/strong>, Universidad Nacional Mayor de San Marcos; Pontificia Universidad Cat\u00f3lica del Per\u00fa.<\/li>\n<li><strong>Alfonso Torres Carrillo<\/strong>, Universidad Pedag\u00f3gica Nacional, Colombia.<\/li>\n<li><strong>Ra\u00fal Vald\u00e9s Cotera<\/strong>, Instituto Unesco para el aprendizaje a lo largo de toda la vida, M\u00e9xico.<\/li>\n<li><strong>Luis Weinstein Crenovich<\/strong>, Centro de Estudios Calidad de Vida (CECV), Chile<\/li>\n<\/ul>\n<\/td>\n<\/tr>\n<\/tbody>\n<\/table>\n<p>&nbsp;<\/p>\n[\/et_pb_text][\/et_pb_column][\/et_pb_row][\/et_pb_section][et_pb_section fb_built=&#8221;1&#8243; admin_label=&#8221;testimonials&#8221; _builder_version=&#8221;4.0.11&#8243; background_color_gradient_direction=&#8221;50deg&#8221; background_enable_image=&#8221;off&#8221; custom_padding=&#8221;0px|||||&#8221; collapsed=&#8221;off&#8221;][\/et_pb_section][et_pb_section fb_built=&#8221;1&#8243; custom_padding_last_edited=&#8221;on|phone&#8221; admin_label=&#8221;Footer&#8221; _builder_version=&#8221;4.0.11&#8243; background_color=&#8221;#003f42&#8243; background_color_gradient_direction=&#8221;240deg&#8221; background_size=&#8221;contain&#8221; background_position=&#8221;top_center&#8221; background_blend=&#8221;hue&#8221; custom_margin=&#8221;||&#8221; custom_padding=&#8221;2vw||0vw||false|&#8221; custom_padding_tablet=&#8221;36vw||&#8221; custom_padding_phone=&#8221;46vw||4vw||false|&#8221; global_module=&#8221;224&#8243; saved_tabs=&#8221;all&#8221; locked=&#8221;off&#8221;][et_pb_row column_structure=&#8221;1_2,1_2&#8243; _builder_version=&#8221;4.0.11&#8243; max_width=&#8221;80%&#8221;][et_pb_column type=&#8221;1_2&#8243; _builder_version=&#8221;3.25&#8243; custom_padding=&#8221;|||&#8221; custom_padding__hover=&#8221;|||&#8221;][et_pb_text _builder_version=&#8221;4.0.11&#8243; text_font=&#8221;||||||||&#8221; text_font_size=&#8221;15px&#8221; text_line_height=&#8221;1.5em&#8221; header_font=&#8221;||||||||&#8221; header_font_size=&#8221;15px&#8221; header_2_font=&#8221;Montserrat|800||on|||||&#8221; header_2_font_size=&#8221;3vw&#8221; header_2_line_height=&#8221;1.2em&#8221; header_3_font=&#8221;Montserrat|700|||||||&#8221; header_3_font_size=&#8221;16px&#8221; header_3_line_height=&#8221;1.4em&#8221; background_layout=&#8221;dark&#8221; module_alignment=&#8221;right&#8221; text_font_size_tablet=&#8221;16px&#8221; text_font_size_phone=&#8221;14px&#8221; text_font_size_last_edited=&#8221;on|phone&#8221; text_line_height_tablet=&#8221;1.8em&#8221; text_line_height_phone=&#8221;1.7em&#8221; text_line_height_last_edited=&#8221;off|phone&#8221; header_2_font_size_tablet=&#8221;&#8221; header_2_font_size_phone=&#8221;8vw&#8221; header_2_font_size_last_edited=&#8221;on|phone&#8221;]\n<p><span style=\"font-size: 18pt;\"><strong>Contacto<\/strong><\/span><\/p>\n<p>Haznos saber tus dudas, comentarios, experiencias. Nuestro trabajo se sustenta principalmente en las redes, por lo que estamos atentos a recibir tus comentarios.<\/p>\n[\/et_pb_text][et_pb_contact_form email=&#8221;gabriel.ramos@upla.cl&#8221; success_message=&#8221;Gracias por comunicarte con nosotros. Trataremos de contactarte a la brevedad posible.&#8221; admin_label=&#8221;Formulario de contacto&#8221; _builder_version=&#8221;4.0.11&#8243; form_field_text_color=&#8221;#555555&#8243; captcha_font=&#8221;|600|||||||&#8221; captcha_text_color=&#8221;#ffffff&#8221; form_field_font=&#8221;||||||||&#8221; custom_button=&#8221;on&#8221; button_text_color=&#8221;#ffffff&#8221; button_font=&#8221;||||||||&#8221;][et_pb_contact_field field_id=&#8221;Nombre&#8221; field_title=&#8221;Nombre&#8221; _builder_version=&#8221;3.24&#8243; button_text_size__hover_enabled=&#8221;off&#8221; button_one_text_size__hover_enabled=&#8221;off&#8221; button_two_text_size__hover_enabled=&#8221;off&#8221; button_text_color__hover_enabled=&#8221;off&#8221; button_one_text_color__hover_enabled=&#8221;off&#8221; button_two_text_color__hover_enabled=&#8221;off&#8221; button_border_width__hover_enabled=&#8221;off&#8221; button_one_border_width__hover_enabled=&#8221;off&#8221; button_two_border_width__hover_enabled=&#8221;off&#8221; button_border_color__hover_enabled=&#8221;off&#8221; button_one_border_color__hover_enabled=&#8221;off&#8221; button_two_border_color__hover_enabled=&#8221;off&#8221; button_border_radius__hover_enabled=&#8221;off&#8221; button_one_border_radius__hover_enabled=&#8221;off&#8221; button_two_border_radius__hover_enabled=&#8221;off&#8221; button_letter_spacing__hover_enabled=&#8221;off&#8221; button_one_letter_spacing__hover_enabled=&#8221;off&#8221; button_two_letter_spacing__hover_enabled=&#8221;off&#8221; button_bg_color__hover_enabled=&#8221;off&#8221; button_one_bg_color__hover_enabled=&#8221;off&#8221; button_two_bg_color__hover_enabled=&#8221;off&#8221;][\/et_pb_contact_field][et_pb_contact_field field_id=&#8221;Correo_electr\u00f3nico&#8221; field_title=&#8221;Direcci\u00f3n de correo electr\u00f3nico&#8221; field_type=&#8221;email&#8221; _builder_version=&#8221;4.0.11&#8243; button_text_size__hover_enabled=&#8221;off&#8221; button_one_text_size__hover_enabled=&#8221;off&#8221; button_two_text_size__hover_enabled=&#8221;off&#8221; button_text_color__hover_enabled=&#8221;off&#8221; button_one_text_color__hover_enabled=&#8221;off&#8221; button_two_text_color__hover_enabled=&#8221;off&#8221; button_border_width__hover_enabled=&#8221;off&#8221; button_one_border_width__hover_enabled=&#8221;off&#8221; button_two_border_width__hover_enabled=&#8221;off&#8221; button_border_color__hover_enabled=&#8221;off&#8221; button_one_border_color__hover_enabled=&#8221;off&#8221; button_two_border_color__hover_enabled=&#8221;off&#8221; button_border_radius__hover_enabled=&#8221;off&#8221; button_one_border_radius__hover_enabled=&#8221;off&#8221; button_two_border_radius__hover_enabled=&#8221;off&#8221; button_letter_spacing__hover_enabled=&#8221;off&#8221; button_one_letter_spacing__hover_enabled=&#8221;off&#8221; button_two_letter_spacing__hover_enabled=&#8221;off&#8221; button_bg_color__hover_enabled=&#8221;off&#8221; button_one_bg_color__hover_enabled=&#8221;off&#8221; button_two_bg_color__hover_enabled=&#8221;off&#8221;][\/et_pb_contact_field][et_pb_contact_field field_id=&#8221;Tel\u00e9fono_de_contacto&#8221; field_title=&#8221;Tel\u00e9fono&#8221; allowed_symbols=&#8221;numbers&#8221; required_mark=&#8221;off&#8221; fullwidth_field=&#8221;on&#8221; _builder_version=&#8221;3.24&#8243;][\/et_pb_contact_field][et_pb_contact_field field_id=&#8221;Message&#8221; field_title=&#8221;Mensaje&#8221; field_type=&#8221;text&#8221; fullwidth_field=&#8221;on&#8221; _builder_version=&#8221;3.16&#8243; button_text_size__hover_enabled=&#8221;off&#8221; button_one_text_size__hover_enabled=&#8221;off&#8221; button_two_text_size__hover_enabled=&#8221;off&#8221; button_text_color__hover_enabled=&#8221;off&#8221; button_one_text_color__hover_enabled=&#8221;off&#8221; button_two_text_color__hover_enabled=&#8221;off&#8221; button_border_width__hover_enabled=&#8221;off&#8221; button_one_border_width__hover_enabled=&#8221;off&#8221; button_two_border_width__hover_enabled=&#8221;off&#8221; button_border_color__hover_enabled=&#8221;off&#8221; button_one_border_color__hover_enabled=&#8221;off&#8221; button_two_border_color__hover_enabled=&#8221;off&#8221; button_border_radius__hover_enabled=&#8221;off&#8221; button_one_border_radius__hover_enabled=&#8221;off&#8221; button_two_border_radius__hover_enabled=&#8221;off&#8221; button_letter_spacing__hover_enabled=&#8221;off&#8221; button_one_letter_spacing__hover_enabled=&#8221;off&#8221; button_two_letter_spacing__hover_enabled=&#8221;off&#8221; button_bg_color__hover_enabled=&#8221;off&#8221; button_one_bg_color__hover_enabled=&#8221;off&#8221; button_two_bg_color__hover_enabled=&#8221;off&#8221;][\/et_pb_contact_field][\/et_pb_contact_form][\/et_pb_column][et_pb_column type=&#8221;1_2&#8243; _builder_version=&#8221;3.25&#8243; custom_padding=&#8221;|||&#8221; custom_padding__hover=&#8221;|||&#8221;][et_pb_code _builder_version=&#8221;4.0.11&#8243; transform_scale=&#8221;90%|90%&#8221;]<iframe loading=\"lazy\" src=\"https:\/\/www.google.com\/maps\/embed?pb=!1m18!1m12!1m3!1d3316.348122696205!2d-71.64048213108745!3d-33.0246790834195!2m3!1f0!2f0!3f0!3m2!1i1024!2i768!4f13.1!3m3!1m2!1s0x9689e6c64daeace1%3A0xbdadbd524f270fd1!2sUniversidad+de+Playa+Ancha+-+Campus+1!5e0!3m2!1ses-419!2scl!4v1560300584253!5m2!1ses-419!2scl\" width=\"80%\" height=\"400\" frameborder=\"0\" style=\"border:0\" allowfullscreen><\/iframe>[\/et_pb_code][\/et_pb_column][\/et_pb_row][\/et_pb_section]\n","protected":false},"excerpt":{"rendered":"<p>[et_pb_section fb_built=&#8221;1&#8243; _builder_version=&#8221;4.0.11&#8243;][et_pb_row _builder_version=&#8221;4.0.11&#8243;][et_pb_column type=&#8221;4_4&#8243; _builder_version=&#8221;4.0.11&#8243;][et_pb_text _builder_version=&#8221;4.0.11&#8243; text_font=&#8221;Arial||||||||&#8221; text_line_height=&#8221;1.5em&#8221; text_orientation=&#8221;justified&#8221;] Misi\u00f3n La Revista de Educaci\u00f3n de Adultos y Procesos Formativos se propone como misi\u00f3n ser un lugar de encuentro, reflexi\u00f3n y debate pedag\u00f3gico, disciplinario y ciudadano; proponi\u00e9ndonos contribuir al fortalecimiento de las capacidades de todos los sujetos que trabajan por el desarrollo de \u201cSociedades de [&hellip;]<\/p>\n","protected":false},"author":1,"featured_media":0,"parent":0,"menu_order":2,"comment_status":"closed","ping_status":"closed","template":"","meta":{"_et_pb_use_builder":"on","_et_pb_old_content":"","inline_featured_image":false,"footnotes":""},"class_list":["post-200","page","type-page","status-publish","hentry"],"_links":{"self":[{"href":"https:\/\/www.educaciondeadultosprocesosformativos.cl\/revista\/wp-json\/wp\/v2\/pages\/200","targetHints":{"allow":["GET"]}}],"collection":[{"href":"https:\/\/www.educaciondeadultosprocesosformativos.cl\/revista\/wp-json\/wp\/v2\/pages"}],"about":[{"href":"https:\/\/www.educaciondeadultosprocesosformativos.cl\/revista\/wp-json\/wp\/v2\/types\/page"}],"author":[{"embeddable":true,"href":"https:\/\/www.educaciondeadultosprocesosformativos.cl\/revista\/wp-json\/wp\/v2\/users\/1"}],"replies":[{"embeddable":true,"href":"https:\/\/www.educaciondeadultosprocesosformativos.cl\/revista\/wp-json\/wp\/v2\/comments?post=200"}],"version-history":[{"count":58,"href":"https:\/\/www.educaciondeadultosprocesosformativos.cl\/revista\/wp-json\/wp\/v2\/pages\/200\/revisions"}],"predecessor-version":[{"id":1603,"href":"https:\/\/www.educaciondeadultosprocesosformativos.cl\/revista\/wp-json\/wp\/v2\/pages\/200\/revisions\/1603"}],"wp:attachment":[{"href":"https:\/\/www.educaciondeadultosprocesosformativos.cl\/revista\/wp-json\/wp\/v2\/media?parent=200"}],"curies":[{"name":"wp","href":"https:\/\/api.w.org\/{rel}","templated":true}]}}